{"id":5941,"date":"2024-08-26T10:35:34","date_gmt":"2024-08-26T08:35:34","guid":{"rendered":"https:\/\/anjaunivers.dk.test01.webtohosting.dk\/?post_type=workshop&#038;p=5941"},"modified":"2025-07-06T20:15:37","modified_gmt":"2025-07-06T18:15:37","slug":"studiefotografi-laer-at-mestre-lys-og-udtryk","status":"publish","type":"workshop","link":"https:\/\/anjaekstroem.dk\/es\/workshop\/conviertete-en-un-mejor-fotografo-en-el-estudio\/","title":{"rendered":"Fotograf\u00eda de estudio: aprende a dominar la luz y la expresi\u00f3n"},"content":{"rendered":"<p>\u00bfQuieres aprender a trabajar con iluminaci\u00f3n de estudio y crear im\u00e1genes profesionales, est\u00e9ticas y completamente tuyas?<\/p><p>Este curso es para quienes desean iniciarse en la fotograf\u00eda de estudio, o para quienes ya lo han intentado un poco, pero a\u00fan andan a tientas (literalmente). Aprender\u00e1s a fondo c\u00f3mo funciona la luz, c\u00f3mo configurarla y c\u00f3mo guiar al modelo\/cliente hacia la expresi\u00f3n adecuada.<\/p><p>Trabajamos pr\u00e1cticamente de principio a fin. Puedes probarlo t\u00fa mismo con tu propia c\u00e1mara, rodeado de tranquilidad, apoyo y comentarios sinceros. Sin preguntas tontas ni charlas t\u00e9cnicas para nerds tecnol\u00f3gicos: solo conocimientos concretos y mucha pr\u00e1ctica.<\/p><p>Te vas a casa con:<\/p><ul class=\"wp-block-list\"><li>Entender c\u00f3mo la luz crea estado de \u00e1nimo y profundidad.<\/li>\n\n<li>T\u00e9cnicas para trabajar de forma segura y creativa en el estudio<\/li>\n\n<li>Im\u00e1genes que realmente puedes usar y de las que puedes estar orgulloso<\/li>\n\n<li>\u00bfQu\u00e9 es un &quot;modificador&quot; y para qu\u00e9 se utiliza?<\/li>\n\n<li>\u00bfC\u00f3mo configurar la luz para retratos F\u00c1CILMENTE?<\/li>\n\n<li>\u00bfC\u00f3mo se crea &quot;drama&quot; con la luz?<\/li>\n\n<li>\u00bfQu\u00e9 es un reflector y cu\u00e1ndo se utiliza?<\/li>\n\n<li>\u00bfEs caro comprar luces de estudio?<\/li>\n\n<li>\u00bfCu\u00e1ntas l\u00e1mparas necesito comprar para empezar?<\/li>\n\n<li>\u2026.y mucho m\u00e1s.<\/li><\/ul><p><\/p><p>Hay espacio tanto para principiantes como para fot\u00f3grafos con cierta experiencia, y lo m\u00e1s importante: necesitas <strong>no<\/strong> Podr\u00eda hacerlo todo por adelantado.<\/p><p>Solo tienes que venir con una c\u00e1mara, curiosidad y ganas de mejorar. Te introducir\u00e9 en el mundo de la iluminaci\u00f3n de estudio y te ense\u00f1ar\u00e9 todo lo necesario para empezar.<\/p><p>La ense\u00f1anza es la combinaci\u00f3n perfecta de teor\u00eda y pr\u00e1ctica. Primero ense\u00f1o la teor\u00eda, luego muestro lo que entiendo por &quot;filmar en vivo&quot; para que puedas ver mi teor\u00eda aplicada. Despu\u00e9s, eres T\u00da quien tiene que tomar la c\u00e1mara, porque necesitas tenerla en tus manos para comprenderla completamente.<\/p><p>Tendr\u00e1s tiempo individual con una modelo para que tambi\u00e9n puedas practicar c\u00f3mo instruirla en poses y expresiones, etc.<\/p><p>Mi ense\u00f1anza se realiza en un lenguaje muy &quot;no t\u00e9cnico&quot;.&nbsp;<strong>TODO<\/strong>&nbsp;puede unirse, \u00a1incluso el fot\u00f3grafo nuevo!<\/p><p>Este es principalmente un taller sobre iluminaci\u00f3n de estudio para retratos, belleza, etc., pero presento el uso de luces y focos de colores. Si se desea un conocimiento m\u00e1s profundo, se debe realizar el taller que trata espec\u00edficamente sobre esto.<\/p><p><strong>\u00a1\u00a1As\u00ed que toma la c\u00e1mara y comencemos!!<\/strong><\/p><p><\/p>","protected":false},"featured_media":6169,"template":"","meta":{"_acf_changed":true,"iawp_total_views":225},"categories":[],"class_list":["post-5941","workshop","type-workshop","status-publish","has-post-thumbnail","hentry"],"acf":[],"yoast_head":"<!-- This site is optimized with the Yoast SEO plugin v23.5 - https:\/\/yoast.com\/wordpress\/plugins\/seo\/ -->\n<title>Studiefotografi: L\u00e6r at mestre lys og udtryk - Anja Ekstr\u00f8m Creative<\/title>\n<meta name=\"description\" content=\"Studiefotografi - L\u00e6r at mestre lys og udtryk. En hel dag i studiet hvor du l\u00e6rer nogle nemme smukke lyss\u00e6tninger til portr\u00e6tter, beauty mfl.\" \/>\n<meta name=\"robots\" content=\"index, follow, max-snippet:-1, max-image-preview:large, max-video-preview:-1\" \/>\n<link rel=\"canonical\" href=\"https:\/\/anjaekstroem.dk\/es\/workshop\/conviertete-en-un-mejor-fotografo-en-el-estudio\/\" \/>\n<meta property=\"og:locale\" content=\"es_ES\" \/>\n<meta property=\"og:type\" content=\"article\" \/>\n<meta property=\"og:title\" content=\"Studiefotografi: L\u00e6r at mestre lys og udtryk - Anja Ekstr\u00f8m Creative\" \/>\n<meta property=\"og:description\" content=\"Studiefotografi - L\u00e6r at mestre lys og udtryk. En hel dag i studiet hvor du l\u00e6rer nogle nemme smukke lyss\u00e6tninger til portr\u00e6tter, beauty mfl.\" \/>\n<meta property=\"og:url\" content=\"https:\/\/anjaekstroem.dk\/es\/workshop\/conviertete-en-un-mejor-fotografo-en-el-estudio\/\" \/>\n<meta property=\"og:site_name\" content=\"Anja Ekstr\u00f8m Creative\" \/>\n<meta property=\"article:modified_time\" content=\"2025-07-06T18:15:37+00:00\" \/>\n<meta property=\"og:image\" content=\"https:\/\/anjaekstroem.dk\/wp-content\/uploads\/2023\/07\/20180328-Anjamedkamera1.png\" \/>\n\t<meta property=\"og:image:width\" content=\"2500\" \/>\n\t<meta property=\"og:image:height\" content=\"1932\" \/>\n\t<meta property=\"og:image:type\" content=\"image\/png\" \/>\n<meta name=\"twitter:card\" content=\"summary_large_image\" \/>\n<meta name=\"twitter:label1\" content=\"Tiempo de lectura\" \/>\n\t<meta name=\"twitter:data1\" content=\"3 minutos\" \/>\n<script type=\"application\/ld+json\" class=\"yoast-schema-graph\">{\"@context\":\"https:\/\/schema.org\",\"@graph\":[{\"@type\":\"WebPage\",\"@id\":\"https:\/\/anjaekstroem.dk\/workshop\/studiefotografi-laer-at-mestre-lys-og-udtryk\/\",\"url\":\"https:\/\/anjaekstroem.dk\/workshop\/studiefotografi-laer-at-mestre-lys-og-udtryk\/\",\"name\":\"Studiefotografi: L\u00e6r at mestre lys og udtryk - Anja Ekstr\u00f8m Creative\",\"isPartOf\":{\"@id\":\"https:\/\/anjaekstroem.dk\/#website\"},\"primaryImageOfPage\":{\"@id\":\"https:\/\/anjaekstroem.dk\/workshop\/studiefotografi-laer-at-mestre-lys-og-udtryk\/#primaryimage\"},\"image\":{\"@id\":\"https:\/\/anjaekstroem.dk\/workshop\/studiefotografi-laer-at-mestre-lys-og-udtryk\/#primaryimage\"},\"thumbnailUrl\":\"https:\/\/anjaekstroem.dk\/wp-content\/uploads\/2023\/07\/20180328-Anjamedkamera1.png\",\"datePublished\":\"2024-08-26T08:35:34+00:00\",\"dateModified\":\"2025-07-06T18:15:37+00:00\",\"description\":\"Studiefotografi - L\u00e6r at mestre lys og udtryk. En hel dag i studiet hvor du l\u00e6rer nogle nemme smukke lyss\u00e6tninger til portr\u00e6tter, beauty mfl.\",\"breadcrumb\":{\"@id\":\"https:\/\/anjaekstroem.dk\/workshop\/studiefotografi-laer-at-mestre-lys-og-udtryk\/#breadcrumb\"},\"inLanguage\":\"es\",\"potentialAction\":[{\"@type\":\"ReadAction\",\"target\":[\"https:\/\/anjaekstroem.dk\/workshop\/studiefotografi-laer-at-mestre-lys-og-udtryk\/\"]}]},{\"@type\":\"ImageObject\",\"inLanguage\":\"es\",\"@id\":\"https:\/\/anjaekstroem.dk\/workshop\/studiefotografi-laer-at-mestre-lys-og-udtryk\/#primaryimage\",\"url\":\"https:\/\/anjaekstroem.dk\/wp-content\/uploads\/2023\/07\/20180328-Anjamedkamera1.png\",\"contentUrl\":\"https:\/\/anjaekstroem.dk\/wp-content\/uploads\/2023\/07\/20180328-Anjamedkamera1.png\",\"width\":2500,\"height\":1932,\"caption\":\"OM fotograf Anja Ekstr\u00f8m\"},{\"@type\":\"BreadcrumbList\",\"@id\":\"https:\/\/anjaekstroem.dk\/workshop\/studiefotografi-laer-at-mestre-lys-og-udtryk\/#breadcrumb\",\"itemListElement\":[{\"@type\":\"ListItem\",\"position\":1,\"name\":\"Hjem\",\"item\":\"https:\/\/anjaekstroem.dk\/\"},{\"@type\":\"ListItem\",\"position\":2,\"name\":\"Studiefotografi: L\u00e6r at mestre lys og udtryk\"}]},{\"@type\":\"WebSite\",\"@id\":\"https:\/\/anjaekstroem.dk\/#website\",\"url\":\"https:\/\/anjaekstroem.dk\/\",\"name\":\"Anja Ekstr\u00f8m Creative\",\"description\":\"Fotograf med sj\u00e6l\",\"publisher\":{\"@id\":\"https:\/\/anjaekstroem.dk\/#organization\"},\"potentialAction\":[{\"@type\":\"SearchAction\",\"target\":{\"@type\":\"EntryPoint\",\"urlTemplate\":\"https:\/\/anjaekstroem.dk\/?s={search_term_string}\"},\"query-input\":{\"@type\":\"PropertyValueSpecification\",\"valueRequired\":true,\"valueName\":\"search_term_string\"}}],\"inLanguage\":\"es\"},{\"@type\":\"Organization\",\"@id\":\"https:\/\/anjaekstroem.dk\/#organization\",\"name\":\"Anja Ekstr\u00f8m Creative\",\"url\":\"https:\/\/anjaekstroem.dk\/\",\"logo\":{\"@type\":\"ImageObject\",\"inLanguage\":\"es\",\"@id\":\"https:\/\/anjaekstroem.dk\/#\/schema\/logo\/image\/\",\"url\":\"https:\/\/anjaekstroem.dk\/wp-content\/uploads\/2021\/10\/AnjaEkstroem-03.png\",\"contentUrl\":\"https:\/\/anjaekstroem.dk\/wp-content\/uploads\/2021\/10\/AnjaEkstroem-03.png\",\"width\":2560,\"height\":662,\"caption\":\"Anja Ekstr\u00f8m Creative\"},\"image\":{\"@id\":\"https:\/\/anjaekstroem.dk\/#\/schema\/logo\/image\/\"}}]}<\/script>\n<!-- \/ Yoast SEO plugin. -->","yoast_head_json":{"title":"Studiefotografi: L\u00e6r at mestre lys og udtryk - Anja Ekstr\u00f8m Creative","description":"Studiefotografi - L\u00e6r at mestre lys og udtryk. En hel dag i studiet hvor du l\u00e6rer nogle nemme smukke lyss\u00e6tninger til portr\u00e6tter, beauty mfl.","robots":{"index":"index","follow":"follow","max-snippet":"max-snippet:-1","max-image-preview":"max-image-preview:large","max-video-preview":"max-video-preview:-1"},"canonical":"https:\/\/anjaekstroem.dk\/es\/workshop\/conviertete-en-un-mejor-fotografo-en-el-estudio\/","og_locale":"es_ES","og_type":"article","og_title":"Studiefotografi: L\u00e6r at mestre lys og udtryk - Anja Ekstr\u00f8m Creative","og_description":"Studiefotografi - L\u00e6r at mestre lys og udtryk. En hel dag i studiet hvor du l\u00e6rer nogle nemme smukke lyss\u00e6tninger til portr\u00e6tter, beauty mfl.","og_url":"https:\/\/anjaekstroem.dk\/es\/workshop\/conviertete-en-un-mejor-fotografo-en-el-estudio\/","og_site_name":"Anja Ekstr\u00f8m Creative","article_modified_time":"2025-07-06T18:15:37+00:00","og_image":[{"width":2500,"height":1932,"url":"https:\/\/anjaekstroem.dk\/wp-content\/uploads\/2023\/07\/20180328-Anjamedkamera1.png","type":"image\/png"}],"twitter_card":"summary_large_image","twitter_misc":{"Tiempo de lectura":"3 minutos"},"schema":{"@context":"https:\/\/schema.org","@graph":[{"@type":"WebPage","@id":"https:\/\/anjaekstroem.dk\/workshop\/studiefotografi-laer-at-mestre-lys-og-udtryk\/","url":"https:\/\/anjaekstroem.dk\/workshop\/studiefotografi-laer-at-mestre-lys-og-udtryk\/","name":"Studiefotografi: L\u00e6r at mestre lys og udtryk - Anja Ekstr\u00f8m Creative","isPartOf":{"@id":"https:\/\/anjaekstroem.dk\/#website"},"primaryImageOfPage":{"@id":"https:\/\/anjaekstroem.dk\/workshop\/studiefotografi-laer-at-mestre-lys-og-udtryk\/#primaryimage"},"image":{"@id":"https:\/\/anjaekstroem.dk\/workshop\/studiefotografi-laer-at-mestre-lys-og-udtryk\/#primaryimage"},"thumbnailUrl":"https:\/\/anjaekstroem.dk\/wp-content\/uploads\/2023\/07\/20180328-Anjamedkamera1.png","datePublished":"2024-08-26T08:35:34+00:00","dateModified":"2025-07-06T18:15:37+00:00","description":"Studiefotografi - L\u00e6r at mestre lys og udtryk. En hel dag i studiet hvor du l\u00e6rer nogle nemme smukke lyss\u00e6tninger til portr\u00e6tter, beauty mfl.","breadcrumb":{"@id":"https:\/\/anjaekstroem.dk\/workshop\/studiefotografi-laer-at-mestre-lys-og-udtryk\/#breadcrumb"},"inLanguage":"es","potentialAction":[{"@type":"ReadAction","target":["https:\/\/anjaekstroem.dk\/workshop\/studiefotografi-laer-at-mestre-lys-og-udtryk\/"]}]},{"@type":"ImageObject","inLanguage":"es","@id":"https:\/\/anjaekstroem.dk\/workshop\/studiefotografi-laer-at-mestre-lys-og-udtryk\/#primaryimage","url":"https:\/\/anjaekstroem.dk\/wp-content\/uploads\/2023\/07\/20180328-Anjamedkamera1.png","contentUrl":"https:\/\/anjaekstroem.dk\/wp-content\/uploads\/2023\/07\/20180328-Anjamedkamera1.png","width":2500,"height":1932,"caption":"OM fotograf Anja Ekstr\u00f8m"},{"@type":"BreadcrumbList","@id":"https:\/\/anjaekstroem.dk\/workshop\/studiefotografi-laer-at-mestre-lys-og-udtryk\/#breadcrumb","itemListElement":[{"@type":"ListItem","position":1,"name":"Hjem","item":"https:\/\/anjaekstroem.dk\/"},{"@type":"ListItem","position":2,"name":"Studiefotografi: L\u00e6r at mestre lys og udtryk"}]},{"@type":"WebSite","@id":"https:\/\/anjaekstroem.dk\/#website","url":"https:\/\/anjaekstroem.dk\/","name":"Anja Ekstr\u00f8m Creative","description":"Fotograf med sj\u00e6l","publisher":{"@id":"https:\/\/anjaekstroem.dk\/#organization"},"potentialAction":[{"@type":"SearchAction","target":{"@type":"EntryPoint","urlTemplate":"https:\/\/anjaekstroem.dk\/?s={search_term_string}"},"query-input":{"@type":"PropertyValueSpecification","valueRequired":true,"valueName":"search_term_string"}}],"inLanguage":"es"},{"@type":"Organization","@id":"https:\/\/anjaekstroem.dk\/#organization","name":"Anja Ekstr\u00f8m Creative","url":"https:\/\/anjaekstroem.dk\/","logo":{"@type":"ImageObject","inLanguage":"es","@id":"https:\/\/anjaekstroem.dk\/#\/schema\/logo\/image\/","url":"https:\/\/anjaekstroem.dk\/wp-content\/uploads\/2021\/10\/AnjaEkstroem-03.png","contentUrl":"https:\/\/anjaekstroem.dk\/wp-content\/uploads\/2021\/10\/AnjaEkstroem-03.png","width":2560,"height":662,"caption":"Anja Ekstr\u00f8m Creative"},"image":{"@id":"https:\/\/anjaekstroem.dk\/#\/schema\/logo\/image\/"}}]}},"_links":{"self":[{"href":"https:\/\/anjaekstroem.dk\/es\/wp-json\/wp\/v2\/workshop\/5941","targetHints":{"allow":["GET"]}}],"collection":[{"href":"https:\/\/anjaekstroem.dk\/es\/wp-json\/wp\/v2\/workshop"}],"about":[{"href":"https:\/\/anjaekstroem.dk\/es\/wp-json\/wp\/v2\/types\/workshop"}],"wp:featuredmedia":[{"embeddable":true,"href":"https:\/\/anjaekstroem.dk\/es\/wp-json\/wp\/v2\/media\/6169"}],"wp:attachment":[{"href":"https:\/\/anjaekstroem.dk\/es\/wp-json\/wp\/v2\/media?parent=5941"}],"wp:term":[{"taxonomy":"category","embeddable":true,"href":"https:\/\/anjaekstroem.dk\/es\/wp-json\/wp\/v2\/categories?post=5941"}],"curies":[{"name":"wp","href":"https:\/\/api.w.org\/{rel}","templated":true}]}}