{"id":7676,"date":"2024-10-20T16:20:00","date_gmt":"2024-10-20T14:20:00","guid":{"rendered":"https:\/\/anjaunivers.dk.test01.webtohosting.dk\/?post_type=bootcamp&#038;p=7676"},"modified":"2025-11-13T09:06:26","modified_gmt":"2025-11-13T07:06:26","slug":"fotograf-bootcamp-i-spanien-oktober-2025","status":"publish","type":"bootcamp","link":"https:\/\/anjaekstroem.dk\/en\/bootcamp\/photographer-bootcamp-in-spain-october-2025\/","title":{"rendered":"Photographer bootcamp in Spain \u2013 October 2025"},"content":{"rendered":"<p>Are you ready for a week of photography, where creativity is given free rein? At this 8-day photographer bootcamp, you will learn new techniques to increase your quality and know-how as a photographer. You will have the opportunity to explore your passion for photography in photoshoots with professional models, in the most spectacular Spanish locations. Here, only the imagination sets the limits!&nbsp;<\/p><p>The bootcamp is carefully planned to give you an unforgettable experience, full of learning and hands-on experience. We will shoot Fashion and Beauty with a focus on controlling sunlight using scrims and reflectors, as well as mixing natural light with artificial light. These are techniques that will really upgrade your skills and can be &quot;translated&quot; and used in your everyday photography. I will teach exactly the methods and techniques that have helped me to be recognized as a professional photographer, and of course I will share my personal experiences from life as an independent photographer.<\/p><p>But it doesn&#039;t stop there. We also need to freshen up your portfolio, so that you get fantastic new photos to take home \u2013 photos with just the right international touch, which will make your photos stand out and in the long run attract exclusive customers. In addition to improving your techniques, you&#039;ll also build a network of like-minded creative photographers and perhaps make friendships and professional connections that will last a lifetime.<\/p><p><strong>What can you expect?<\/strong><\/p><p>This week is a perfect mix of intensive teaching, hands on learning on photoshoots and a bit of relaxation. A &quot;loose program&quot; is planned, where there is also room for sightseeing, own photoshoots or simply just relaxing in the beautiful area where we live. Even if you come to learn and create new images, there is also plenty of opportunity to experience Spain and enjoy a well-deserved break. Most often, the middle of the day is free and suitable for your own adventures \u2013 unless the program dictates otherwise.<\/p><p>As a wonderful end to the bootcamp, you will receive a beautiful diploma as proof that you have participated and completed this intensive and educational week.<\/p><p><strong>This is what you get in the price:<\/strong><\/p><p>\u2013 Teaching by me, Anja Ekstr\u00f8m&nbsp;&nbsp;<\/p><p>- Stay for 8 days (7 nights) in the most beautiful location&nbsp;&nbsp;<\/p><p>\u2013 Room \u2013 either alone or with a roomie<\/p><p>\u2013 Breakfast (we make it ourselves)&nbsp;&nbsp;<\/p><p>\u2013 Transport to and from photoshoots&nbsp;&nbsp;<\/p><p>\u2013 Transport to and from the airport (if you can make it to the pick-up time)&nbsp;&nbsp;<\/p><p>\u2013 Photoshoots with professional models, including 1-1 time with the model and you&nbsp;&nbsp;<\/p><p>\u2013 Fantastic location shoots in beautiful locations in Spain&nbsp;&nbsp;<\/p><p>\u2013 An updated and impressive portfolio with an international touch and high quality&nbsp;<\/p><p>\u2013 Opportunity to build networks with other passionate photographers&nbsp;&nbsp;<\/p><p>\u2013 Learning to spot and utilize the best locations&nbsp;&nbsp;<\/p><p>\u2013 Learning how to style the model&#039;s clothes and look<\/p><p>\u2013 Training in instructing models in both posing and expression<\/p><p>\u2013 Learn how to get your photos published in magazines<\/p><p><strong>\u2026 and much more!<\/strong><\/p><p><strong>SUPER limited number of seats!<\/strong><\/p><p>With only space for 7 participants, there is a guarantee of lots of individual teaching and you get a safe and friendly environment to learn in. So if you want to secure a place, you have to act soon - they sell out quickly and it&#039;s first come, first served . If the places are sold out, you can get on the waiting list if you wish.<\/p><p>Are you ready for the photographic adventure of a lifetime? You might as well start looking forward - this workcation is one you&#039;ll never forget!<\/p><p>(Do you need to split the payment into instalments? It is possible! Contact me via email or SMS and we will find a solution.)<\/p><p><\/p>","protected":false},"author":3,"featured_media":7742,"template":"","format":"standard","meta":{"_acf_changed":true,"iawp_total_views":2248},"categories":[122,36],"class_list":["post-7676","bootcamp","type-bootcamp","status-publish","format-standard","has-post-thumbnail","hentry","category-afholdt-bootcamp","category-bootcamp"],"acf":[],"yoast_head":"<!-- This site is optimized with the Yoast SEO plugin v23.5 - https:\/\/yoast.com\/wordpress\/plugins\/seo\/ -->\n<title>Fotograf bootcamp i Spanien \u2013 Oktober 2025 - Anja Ekstr\u00f8m Creative<\/title>\n<meta name=\"description\" content=\"Fotograf Bootcamp i Spanien. 8 dage i fotografiens tegn. L\u00e6r nye teknikker, skyd med professionelle modeller, og f\u00e5 et st\u00e6rkt portfolio.\" \/>\n<meta name=\"robots\" content=\"index, follow, max-snippet:-1, max-image-preview:large, max-video-preview:-1\" \/>\n<link rel=\"canonical\" href=\"https:\/\/anjaekstroem.dk\/en\/bootcamp\/photographer-bootcamp-in-spain-october-2025\/\" \/>\n<meta property=\"og:locale\" content=\"en_GB\" \/>\n<meta property=\"og:type\" content=\"article\" \/>\n<meta property=\"og:title\" content=\"Fotograf bootcamp i Spanien \u2013 Oktober 2025 - Anja Ekstr\u00f8m Creative\" \/>\n<meta property=\"og:description\" content=\"Fotograf Bootcamp i Spanien. 8 dage i fotografiens tegn. L\u00e6r nye teknikker, skyd med professionelle modeller, og f\u00e5 et st\u00e6rkt portfolio.\" \/>\n<meta property=\"og:url\" content=\"https:\/\/anjaekstroem.dk\/en\/bootcamp\/photographer-bootcamp-in-spain-october-2025\/\" \/>\n<meta property=\"og:site_name\" content=\"Anja Ekstr\u00f8m Creative\" \/>\n<meta property=\"article:modified_time\" content=\"2025-11-13T07:06:26+00:00\" \/>\n<meta property=\"og:image\" content=\"https:\/\/anjaekstroem.dk\/wp-content\/uploads\/2024\/09\/20230923-20230923-_DSC9812.jpg\" \/>\n\t<meta property=\"og:image:width\" content=\"2048\" \/>\n\t<meta property=\"og:image:height\" content=\"1365\" \/>\n\t<meta property=\"og:image:type\" content=\"image\/jpeg\" \/>\n<meta name=\"twitter:card\" content=\"summary_large_image\" \/>\n<meta name=\"twitter:label1\" content=\"Estimated reading time\" \/>\n\t<meta name=\"twitter:data1\" content=\"4 minutes\" \/>\n<script type=\"application\/ld+json\" class=\"yoast-schema-graph\">{\"@context\":\"https:\/\/schema.org\",\"@graph\":[{\"@type\":\"WebPage\",\"@id\":\"https:\/\/anjaekstroem.dk\/bootcamp\/fotograf-bootcamp-i-spanien-oktober-2025\/\",\"url\":\"https:\/\/anjaekstroem.dk\/bootcamp\/fotograf-bootcamp-i-spanien-oktober-2025\/\",\"name\":\"Fotograf bootcamp i Spanien \u2013 Oktober 2025 - Anja Ekstr\u00f8m Creative\",\"isPartOf\":{\"@id\":\"https:\/\/anjaekstroem.dk\/#website\"},\"primaryImageOfPage\":{\"@id\":\"https:\/\/anjaekstroem.dk\/bootcamp\/fotograf-bootcamp-i-spanien-oktober-2025\/#primaryimage\"},\"image\":{\"@id\":\"https:\/\/anjaekstroem.dk\/bootcamp\/fotograf-bootcamp-i-spanien-oktober-2025\/#primaryimage\"},\"thumbnailUrl\":\"https:\/\/anjaekstroem.dk\/wp-content\/uploads\/2024\/09\/20230923-20230923-_DSC9812.jpg\",\"datePublished\":\"2024-10-20T14:20:00+00:00\",\"dateModified\":\"2025-11-13T07:06:26+00:00\",\"description\":\"Fotograf Bootcamp i Spanien. 8 dage i fotografiens tegn. L\u00e6r nye teknikker, skyd med professionelle modeller, og f\u00e5 et st\u00e6rkt portfolio.\",\"breadcrumb\":{\"@id\":\"https:\/\/anjaekstroem.dk\/bootcamp\/fotograf-bootcamp-i-spanien-oktober-2025\/#breadcrumb\"},\"inLanguage\":\"en-GB\",\"potentialAction\":[{\"@type\":\"ReadAction\",\"target\":[\"https:\/\/anjaekstroem.dk\/bootcamp\/fotograf-bootcamp-i-spanien-oktober-2025\/\"]}]},{\"@type\":\"ImageObject\",\"inLanguage\":\"en-GB\",\"@id\":\"https:\/\/anjaekstroem.dk\/bootcamp\/fotograf-bootcamp-i-spanien-oktober-2025\/#primaryimage\",\"url\":\"https:\/\/anjaekstroem.dk\/wp-content\/uploads\/2024\/09\/20230923-20230923-_DSC9812.jpg\",\"contentUrl\":\"https:\/\/anjaekstroem.dk\/wp-content\/uploads\/2024\/09\/20230923-20230923-_DSC9812.jpg\",\"width\":2048,\"height\":1365,\"caption\":\"Fotograf Bootcamp med fotograf Anja Ekstr\u00f8m\"},{\"@type\":\"BreadcrumbList\",\"@id\":\"https:\/\/anjaekstroem.dk\/bootcamp\/fotograf-bootcamp-i-spanien-oktober-2025\/#breadcrumb\",\"itemListElement\":[{\"@type\":\"ListItem\",\"position\":1,\"name\":\"Hjem\",\"item\":\"https:\/\/anjaekstroem.dk\/\"},{\"@type\":\"ListItem\",\"position\":2,\"name\":\"Fotograf bootcamp i Spanien \u2013 Oktober 2025\"}]},{\"@type\":\"WebSite\",\"@id\":\"https:\/\/anjaekstroem.dk\/#website\",\"url\":\"https:\/\/anjaekstroem.dk\/\",\"name\":\"Anja Ekstr\u00f8m Creative\",\"description\":\"Fotograf med sj\u00e6l\",\"publisher\":{\"@id\":\"https:\/\/anjaekstroem.dk\/#organization\"},\"potentialAction\":[{\"@type\":\"SearchAction\",\"target\":{\"@type\":\"EntryPoint\",\"urlTemplate\":\"https:\/\/anjaekstroem.dk\/?s={search_term_string}\"},\"query-input\":{\"@type\":\"PropertyValueSpecification\",\"valueRequired\":true,\"valueName\":\"search_term_string\"}}],\"inLanguage\":\"en-GB\"},{\"@type\":\"Organization\",\"@id\":\"https:\/\/anjaekstroem.dk\/#organization\",\"name\":\"Anja Ekstr\u00f8m Creative\",\"url\":\"https:\/\/anjaekstroem.dk\/\",\"logo\":{\"@type\":\"ImageObject\",\"inLanguage\":\"en-GB\",\"@id\":\"https:\/\/anjaekstroem.dk\/#\/schema\/logo\/image\/\",\"url\":\"https:\/\/anjaekstroem.dk\/wp-content\/uploads\/2021\/10\/AnjaEkstroem-03.png\",\"contentUrl\":\"https:\/\/anjaekstroem.dk\/wp-content\/uploads\/2021\/10\/AnjaEkstroem-03.png\",\"width\":2560,\"height\":662,\"caption\":\"Anja Ekstr\u00f8m Creative\"},\"image\":{\"@id\":\"https:\/\/anjaekstroem.dk\/#\/schema\/logo\/image\/\"}}]}<\/script>\n<!-- \/ Yoast SEO plugin. -->","yoast_head_json":{"title":"Fotograf bootcamp i Spanien \u2013 Oktober 2025 - Anja Ekstr\u00f8m Creative","description":"Fotograf Bootcamp i Spanien. 8 dage i fotografiens tegn. L\u00e6r nye teknikker, skyd med professionelle modeller, og f\u00e5 et st\u00e6rkt portfolio.","robots":{"index":"index","follow":"follow","max-snippet":"max-snippet:-1","max-image-preview":"max-image-preview:large","max-video-preview":"max-video-preview:-1"},"canonical":"https:\/\/anjaekstroem.dk\/en\/bootcamp\/photographer-bootcamp-in-spain-october-2025\/","og_locale":"en_GB","og_type":"article","og_title":"Fotograf bootcamp i Spanien \u2013 Oktober 2025 - Anja Ekstr\u00f8m Creative","og_description":"Fotograf Bootcamp i Spanien. 8 dage i fotografiens tegn. L\u00e6r nye teknikker, skyd med professionelle modeller, og f\u00e5 et st\u00e6rkt portfolio.","og_url":"https:\/\/anjaekstroem.dk\/en\/bootcamp\/photographer-bootcamp-in-spain-october-2025\/","og_site_name":"Anja Ekstr\u00f8m Creative","article_modified_time":"2025-11-13T07:06:26+00:00","og_image":[{"width":2048,"height":1365,"url":"https:\/\/anjaekstroem.dk\/wp-content\/uploads\/2024\/09\/20230923-20230923-_DSC9812.jpg","type":"image\/jpeg"}],"twitter_card":"summary_large_image","twitter_misc":{"Estimated reading time":"4 minutes"},"schema":{"@context":"https:\/\/schema.org","@graph":[{"@type":"WebPage","@id":"https:\/\/anjaekstroem.dk\/bootcamp\/fotograf-bootcamp-i-spanien-oktober-2025\/","url":"https:\/\/anjaekstroem.dk\/bootcamp\/fotograf-bootcamp-i-spanien-oktober-2025\/","name":"Fotograf bootcamp i Spanien \u2013 Oktober 2025 - Anja Ekstr\u00f8m Creative","isPartOf":{"@id":"https:\/\/anjaekstroem.dk\/#website"},"primaryImageOfPage":{"@id":"https:\/\/anjaekstroem.dk\/bootcamp\/fotograf-bootcamp-i-spanien-oktober-2025\/#primaryimage"},"image":{"@id":"https:\/\/anjaekstroem.dk\/bootcamp\/fotograf-bootcamp-i-spanien-oktober-2025\/#primaryimage"},"thumbnailUrl":"https:\/\/anjaekstroem.dk\/wp-content\/uploads\/2024\/09\/20230923-20230923-_DSC9812.jpg","datePublished":"2024-10-20T14:20:00+00:00","dateModified":"2025-11-13T07:06:26+00:00","description":"Fotograf Bootcamp i Spanien. 8 dage i fotografiens tegn. L\u00e6r nye teknikker, skyd med professionelle modeller, og f\u00e5 et st\u00e6rkt portfolio.","breadcrumb":{"@id":"https:\/\/anjaekstroem.dk\/bootcamp\/fotograf-bootcamp-i-spanien-oktober-2025\/#breadcrumb"},"inLanguage":"en-GB","potentialAction":[{"@type":"ReadAction","target":["https:\/\/anjaekstroem.dk\/bootcamp\/fotograf-bootcamp-i-spanien-oktober-2025\/"]}]},{"@type":"ImageObject","inLanguage":"en-GB","@id":"https:\/\/anjaekstroem.dk\/bootcamp\/fotograf-bootcamp-i-spanien-oktober-2025\/#primaryimage","url":"https:\/\/anjaekstroem.dk\/wp-content\/uploads\/2024\/09\/20230923-20230923-_DSC9812.jpg","contentUrl":"https:\/\/anjaekstroem.dk\/wp-content\/uploads\/2024\/09\/20230923-20230923-_DSC9812.jpg","width":2048,"height":1365,"caption":"Fotograf Bootcamp med fotograf Anja Ekstr\u00f8m"},{"@type":"BreadcrumbList","@id":"https:\/\/anjaekstroem.dk\/bootcamp\/fotograf-bootcamp-i-spanien-oktober-2025\/#breadcrumb","itemListElement":[{"@type":"ListItem","position":1,"name":"Hjem","item":"https:\/\/anjaekstroem.dk\/"},{"@type":"ListItem","position":2,"name":"Fotograf bootcamp i Spanien \u2013 Oktober 2025"}]},{"@type":"WebSite","@id":"https:\/\/anjaekstroem.dk\/#website","url":"https:\/\/anjaekstroem.dk\/","name":"Anja Ekstr\u00f8m Creative","description":"Fotograf med sj\u00e6l","publisher":{"@id":"https:\/\/anjaekstroem.dk\/#organization"},"potentialAction":[{"@type":"SearchAction","target":{"@type":"EntryPoint","urlTemplate":"https:\/\/anjaekstroem.dk\/?s={search_term_string}"},"query-input":{"@type":"PropertyValueSpecification","valueRequired":true,"valueName":"search_term_string"}}],"inLanguage":"en-GB"},{"@type":"Organization","@id":"https:\/\/anjaekstroem.dk\/#organization","name":"Anja Ekstr\u00f8m Creative","url":"https:\/\/anjaekstroem.dk\/","logo":{"@type":"ImageObject","inLanguage":"en-GB","@id":"https:\/\/anjaekstroem.dk\/#\/schema\/logo\/image\/","url":"https:\/\/anjaekstroem.dk\/wp-content\/uploads\/2021\/10\/AnjaEkstroem-03.png","contentUrl":"https:\/\/anjaekstroem.dk\/wp-content\/uploads\/2021\/10\/AnjaEkstroem-03.png","width":2560,"height":662,"caption":"Anja Ekstr\u00f8m Creative"},"image":{"@id":"https:\/\/anjaekstroem.dk\/#\/schema\/logo\/image\/"}}]}},"_links":{"self":[{"href":"https:\/\/anjaekstroem.dk\/en\/wp-json\/wp\/v2\/bootcamp\/7676","targetHints":{"allow":["GET"]}}],"collection":[{"href":"https:\/\/anjaekstroem.dk\/en\/wp-json\/wp\/v2\/bootcamp"}],"about":[{"href":"https:\/\/anjaekstroem.dk\/en\/wp-json\/wp\/v2\/types\/bootcamp"}],"author":[{"embeddable":true,"href":"https:\/\/anjaekstroem.dk\/en\/wp-json\/wp\/v2\/users\/3"}],"wp:featuredmedia":[{"embeddable":true,"href":"https:\/\/anjaekstroem.dk\/en\/wp-json\/wp\/v2\/media\/7742"}],"wp:attachment":[{"href":"https:\/\/anjaekstroem.dk\/en\/wp-json\/wp\/v2\/media?parent=7676"}],"wp:term":[{"taxonomy":"category","embeddable":true,"href":"https:\/\/anjaekstroem.dk\/en\/wp-json\/wp\/v2\/categories?post=7676"}],"curies":[{"name":"wp","href":"https:\/\/api.w.org\/{rel}","templated":true}]}}